{"id":3,"date":"2019-12-10T11:40:38","date_gmt":"2019-12-10T09:40:38","guid":{"rendered":"https:\/\/www.diccionaridemedicina.app\/?page_id=3"},"modified":"2025-05-18T13:05:31","modified_gmt":"2025-05-18T11:05:31","slug":"politica-de-privadesa","status":"publish","type":"page","link":"https:\/\/www.diccionaridemedicina.app\/web\/politica-de-privadesa\/","title":{"rendered":"Pol\u00edtica de privadesa"},"content":{"rendered":"<p>[et_pb_section fb_built=&#8221;1&#8243; _builder_version=&#8221;4.16&#8243; global_colors_info=&#8221;{}&#8221;][et_pb_row _builder_version=&#8221;4.16&#8243; global_colors_info=&#8221;{}&#8221;][et_pb_column type=&#8221;4_4&#8243; _builder_version=&#8221;4.16&#8243; global_colors_info=&#8221;{}&#8221;][et_pb_text _builder_version=&#8221;4.27.4&#8243; global_colors_info=&#8221;{}&#8221; _module_preset=&#8221;73a329d3-39ee-4081-84b8-8d263b8f598c&#8221; header_text_color=&#8221;#89BF4E&#8221; hover_enabled=&#8221;0&#8243; sticky_enabled=&#8221;0&#8243; custom_margin=&#8221;0px||10px||false|false&#8221;]<\/p>\n<h1>Privacy Policy<\/h1>\n<p>[\/et_pb_text][et_pb_text _builder_version=&#8221;4.27.4&#8243; hover_enabled=&#8221;0&#8243; global_colors_info=&#8221;{}&#8221; sticky_enabled=&#8221;0&#8243;]<\/p>\n<p><strong>Primer diccionari de medicina il\u00b7lustrat<\/strong> takes care of children\u2019s privacy:<\/p>\n<ul>\n<li>We don\u2019t require you to provide any personal information and we don\u2019t collect any personal information about you or your children.<\/li>\n<li>We just collect some non-personal information about the use of our apps, like time of use or geographical location of devices. We use this data to help us understand the usage of our application and to enhance and improve it.<\/li>\n<li>Our app does not content external links to third-party webpages, only links to our own secure webpages, so children can use it without any danger of acces to inappropriate content.<\/li>\n<li>Our apps never contain third-party advertisements or in-app purchases.<\/li>\n<\/ul>\n<p>If you have any questions or concerns about our policies, please contact us at <a href=\"mailto:rosa@diccionaridemedicina.app\">rosa@diccionaridemedicina.app<\/a>. We will never rent, sell or share your email address.<\/p>\n<p>[\/et_pb_text][\/et_pb_column][\/et_pb_row][et_pb_row _builder_version=&#8221;4.24.3&#8243; _module_preset=&#8221;default&#8221; global_colors_info=&#8221;{}&#8221;][et_pb_column type=&#8221;4_4&#8243; _builder_version=&#8221;4.24.3&#8243; _module_preset=&#8221;default&#8221; global_colors_info=&#8221;{}&#8221;][et_pb_image src=&#8221;https:\/\/www.diccionaridemedicina.app\/web\/wp-content\/uploads\/2024\/12\/logo-Diximed-verd-ca.png&#8221; title_text=&#8221;Diximed&#8221; url=&#8221;@ET-DC@eyJkeW5hbWljIjp0cnVlLCJjb250ZW50IjoiaG9tZV91cmwiLCJzZXR0aW5ncyI6e319@&#8221; _builder_version=&#8221;4.27.4&#8243; _dynamic_attributes=&#8221;url&#8221; _module_preset=&#8221;default&#8221; global_colors_info=&#8221;{}&#8221;][\/et_pb_image][\/et_pb_column][\/et_pb_row][\/et_pb_section]<\/p>\n","protected":false},"excerpt":{"rendered":"<p>Pol\u00edtica de privadesa i protecci\u00f3 de dades<\/p>\n","protected":false},"author":1,"featured_media":17691,"parent":0,"menu_order":10,"comment_status":"closed","ping_status":"open","template":"","meta":{"_et_pb_use_builder":"on","_et_pb_old_content":"<!-- wp:heading -->\r\n<h2>Qui som<\/h2>\r\n<!-- \/wp:heading --><!-- wp:paragraph -->\r\n<p>La nostra adre\u00e7a web \u00e9s: https:\/\/www.diccionaridemedicina.app.<\/p>\r\n<!-- \/wp:paragraph --><!-- wp:heading -->\r\n<h2>Quines dades personals recollim i per qu\u00e8<\/h2>\r\n<!-- \/wp:heading --><!-- wp:heading {\"level\":3} -->\r\n<h3>Comentaris<\/h3>\r\n<!-- \/wp:heading --><!-- wp:paragraph -->\r\n<p>Quan els visitants deixen comentaris a la web, recollim les dades que es mostren al formulari de contacte, aix\u00ed com l'adre\u00e7a IP del visitant i la cadena de l'agent de l'usuari del navegador per ajudar a la detecci\u00f3 de missatges brossa.<\/p>\r\n<!-- \/wp:paragraph --><!-- wp:paragraph -->\r\n<p>Una cadena anonimitzada creada a partir del correu electr\u00f2nic (tamb\u00e9 nomenat un hash) pot proporcionar-se al servei Gravatar per veure si l'esteu usant. La pol\u00edtica de privadesa del servei Gravatar est\u00e0 disponible aqu\u00ed: https:\/\/automattic.com\/privacy\/. Una vegada aprovat el comentari, la imatge del vostre perfil \u00e9s visible al p\u00fablic al context del comentari.<\/p>\r\n<!-- \/wp:paragraph --><!-- wp:heading {\"level\":3} -->\r\n<h3>M\u00e8dia<\/h3>\r\n<!-- \/wp:heading --><!-- wp:paragraph -->\r\n<p>Si pugeu imatges al lloc web, heu d'evitar pujar imatges que incloguin dades de geolocalitzaci\u00f3 (EXIF GPS) incrustades. Els visitants del lloc web poden descarregar i extreure qualsevol informaci\u00f3 de les imatges de la web.<\/p>\r\n<!-- \/wp:paragraph --><!-- wp:heading {\"level\":3} -->\r\n<h3>Formularis de contacte<\/h3>\r\n<!-- \/wp:heading --><!-- wp:heading {\"level\":3} -->\r\n<h3>Galetes<\/h3>\r\n<!-- \/wp:heading --><!-- wp:paragraph -->\r\n<p>Si deixeu un comentari en la p\u00e0gina web, podeu optar per desar el nom, l'adre\u00e7a de correu electr\u00f2nic i la p\u00e0gina web en les galetes. Aix\u00f2 \u00e9s per la vostra comoditat perqu\u00e8 no h\u00e0geu d'emplenar les dades de nou quan feu un altre comentari. Aquestes galetes duraran un any.<\/p>\r\n<!-- \/wp:paragraph --><!-- wp:paragraph -->\r\n<p>Si teniu un compte i inicieu sessi\u00f3 en aquesta p\u00e0gina web, es definir\u00e0 una galeta temporal per determinar si el navegador accepta galetes. Aquesta galeta no cont\u00e9 dades personals i es descartar\u00e0 quan tanqueu el navegador.<\/p>\r\n<!-- \/wp:paragraph --><!-- wp:paragraph -->\r\n<p>Quan inicieu sessi\u00f3, tamb\u00e9 es configuraran diverses galetes per desar la informaci\u00f3 d'inici de sessi\u00f3 i les opcions de visualitzaci\u00f3 de la pantalla. Les galeres d'inici de sessi\u00f3 duren dos dies, i les galetes de les opcions de pantalla duren un any. Si seleccioneu \"Recordeu-me\", l'inici de sessi\u00f3 persistir\u00e0 durant dues setmanes. Si finalitzeu la sessi\u00f3, les galetes d'inici de sessi\u00f3 seran suprimides.<\/p>\r\n<!-- \/wp:paragraph --><!-- wp:paragraph -->\r\n<p>Si editeu o publiqueu un article, una galeta addicional es desar\u00e0 al navegador. Aquesta galeta no inclou dades personals i simplement indica l'identificador de l'entrada que acabeu d'editar. Expira despr\u00e9s d'1 dia.<\/p>\r\n<!-- \/wp:paragraph --><!-- wp:heading {\"level\":3} -->\r\n<h3>Contingut incrustat d'altres llocs web<\/h3>\r\n<!-- \/wp:heading --><!-- wp:paragraph -->\r\n<p>Els articles en aquesta p\u00e0gina web inclou contingut incrustat (per exemple, v\u00eddeos, imatges, articles, etc.). El contingut incrustat des d'altres p\u00e0gines web es comporta exactament de la mateixa manera com si el visitant estigu\u00e9s visitant l'altra p\u00e0gina web.<\/p>\r\n<!-- \/wp:paragraph --><!-- wp:paragraph -->\r\n<p>Aquestes p\u00e0gines web poden recollir dades sobre v\u00f3s, fer servir galetes, incrustar seguiment addicional de terceres parts, i monitorar la interacci\u00f3 amb el contingut incrustat, incloent-hi la tra\u00e7a de la interacci\u00f3 amb el contingut incrustat si teniu un compte i heu iniciat sessi\u00f3 en aquesta p\u00e0gina web.<\/p>\r\n<!-- \/wp:paragraph --><!-- wp:heading {\"level\":3} -->\r\n<h3>Anal\u00edtiques<\/h3>\r\n<!-- \/wp:heading --><!-- wp:heading -->\r\n<h2>Amb qui compartim les vostres dades<\/h2>\r\n<!-- \/wp:heading --><!-- wp:heading -->\r\n<h2>Quant de temps retenim les dades<\/h2>\r\n<!-- \/wp:heading --><!-- wp:paragraph -->\r\n<p>Si deixeu un comentari, el comentari i les seves dades meta es retenen indefinidament. Aix\u00f2 \u00e9s per poder recon\u00e8ixer i aprovar autom\u00e0ticament qualsevol comentari de seguiment en lloc de mantenir-los en la cua de moderaci\u00f3.<\/p>\r\n<!-- \/wp:paragraph --><!-- wp:paragraph -->\r\n<p>Per als usuaris que es registren en la web (si hi ha), tamb\u00e9 emmagatzemem la informaci\u00f3 personal que proporcionen al seu perfil d'usuari. Tots els usuaris poden veure, editar o suprimir la seva informaci\u00f3 personal en qualsevol moment (excepte que no poden canviar el seu nom d'usuari). Els administradors de la p\u00e0gina web poden tamb\u00e9 editar aquesta informaci\u00f3.<\/p>\r\n<!-- \/wp:paragraph --><!-- wp:heading -->\r\n<h2>Quins drets teniu sobre les vostres dades<\/h2>\r\n<!-- \/wp:heading --><!-- wp:paragraph -->\r\n<p>Si teniu un compte en aquest lloc web o hi heu deixat comentaris, podeu demanar que us enviem un fitxer d'exportaci\u00f3 de les vostres dades personals, incloent-hi totes les dades que ens h\u00e0geu proporcionat. Tamb\u00e9 podeu demanar que esborrem qualsevol dada personal vostra que tinguem. Aix\u00f2 no inclou les dades que estiguem obligats a conservar amb prop\u00f2sits administratius, legals o de seguretat.<\/p>\r\n<!-- \/wp:paragraph --><!-- wp:heading -->\r\n<h2>On enviem les vostres dades<\/h2>\r\n<!-- \/wp:heading --><!-- wp:paragraph -->\r\n<p>Els comentaris dels visitants han de ser comprovats mitjan\u00e7ant un servei de detecci\u00f3 de brossa automatitzat.<\/p>\r\n<!-- \/wp:paragraph --><!-- wp:heading -->\r\n<h2>Informaci\u00f3 de contacte<\/h2>\r\n<!-- \/wp:heading --><!-- wp:heading -->\r\n<h2>Informaci\u00f3 addicional<\/h2>\r\n<!-- \/wp:heading --><!-- wp:heading {\"level\":3} -->\r\n<h3>Com protegim les vostres dades<\/h3>\r\n<!-- \/wp:heading --><!-- wp:heading {\"level\":3} -->\r\n<h3>Quins procediments d'incompliment de dades tenim en el lloc<\/h3>\r\n<!-- \/wp:heading --><!-- wp:heading {\"level\":3} -->\r\n<h3>De quins tercers rebem dades<\/h3>\r\n<!-- \/wp:heading --><!-- wp:heading {\"level\":3} -->\r\n<h3>Quina presa de decisions automatitzada i\/o perfil fem amb les dades de l'usuari<\/h3>\r\n<!-- \/wp:heading --><!-- wp:heading {\"level\":3} -->\r\n<h3>Requisits de divulgaci\u00f3 reglament\u00e0ria de la ind\u00fastria<\/h3>\r\n<!-- \/wp:heading -->","_et_gb_content_width":"","iawp_total_views":6,"footnotes":""},"class_list":["post-3","page","type-page","status-publish","has-post-thumbnail","hentry"],"_links":{"self":[{"href":"https:\/\/www.diccionaridemedicina.app\/web\/wp-json\/wp\/v2\/pages\/3","targetHints":{"allow":["GET"]}}],"collection":[{"href":"https:\/\/www.diccionaridemedicina.app\/web\/wp-json\/wp\/v2\/pages"}],"about":[{"href":"https:\/\/www.diccionaridemedicina.app\/web\/wp-json\/wp\/v2\/types\/page"}],"author":[{"embeddable":true,"href":"https:\/\/www.diccionaridemedicina.app\/web\/wp-json\/wp\/v2\/users\/1"}],"replies":[{"embeddable":true,"href":"https:\/\/www.diccionaridemedicina.app\/web\/wp-json\/wp\/v2\/comments?post=3"}],"version-history":[{"count":0,"href":"https:\/\/www.diccionaridemedicina.app\/web\/wp-json\/wp\/v2\/pages\/3\/revisions"}],"wp:featuredmedia":[{"embeddable":true,"href":"https:\/\/www.diccionaridemedicina.app\/web\/wp-json\/wp\/v2\/media\/17691"}],"wp:attachment":[{"href":"https:\/\/www.diccionaridemedicina.app\/web\/wp-json\/wp\/v2\/media?parent=3"}],"curies":[{"name":"wp","href":"https:\/\/api.w.org\/{rel}","templated":true}]}}